{"id":53854,"date":"2019-09-27T08:31:54","date_gmt":"2019-09-27T06:31:54","guid":{"rendered":"http:\/\/albatech.publicvm.com\/montlingua\/montlinwp\/?page_id=53854"},"modified":"2019-10-14T09:19:14","modified_gmt":"2019-10-14T07:19:14","slug":"politica-de-privacitat","status":"publish","type":"page","link":"https:\/\/www.montlingua.com\/index.php\/politica-de-privacitat\/","title":{"rendered":"Pol\u00edtica de privacitat"},"content":{"rendered":"<p>[vc_row][vc_column][vc_column_text]<\/p>\n<h2>Informacion sobre Protecci\u00f3n de Datos<\/h2>\n<p>&nbsp;<\/p>\n<h3 style=\"padding-left: 40px;\">1. Datos relativos al Responsable<\/h3>\n<p>Responsable Tratamiento<\/p>\n<ul>\n<li>Entidad: CINTIA GARCIA NISA<\/li>\n<li>CIF de la entidad: 46777745T<\/li>\n<li>Direccion de la entidad: PASSEIG ESPANYA 18 &#8211; (08710) SANTA MARGARIDA DE MONTBUI<\/li>\n<li>Email de la entidad: <a href=\"mailto:CINTIA.GARCIA.NISA@GMAIL.COM\" target=\"_blank\" rel=\"noopener noreferrer\">cintia.garcia.nisa@gmail.com<\/a><\/li>\n<li>Responsable del tratamiento : CINTIA GARCIA NISA<\/li>\n<li>Tel\u00e9fono del Responsable del tratamiento : 690702108<\/li>\n<li>Direcci\u00f3n email del Responsable del tratamiento : <a href=\"mailto:INFO@MONTLINGUA.COM\" target=\"_blank\" rel=\"noopener noreferrer\">info@montlingua.com<\/a><\/li>\n<li>DPD: TANIA NISA ARJONA<\/li>\n<li>Tel\u00e9fono del DPD: TANIA NISA ARJONA<\/li>\n<li>Direcci\u00f3n email del DPD: <a href=\"mailto:TANIANISA1992@HOTMAIL.COM\" target=\"_blank\" rel=\"noopener noreferrer\">tanianisa1992@hotmail.com<\/a><\/li>\n<\/ul>\n<p>&nbsp;<\/p>\n<h3 style=\"padding-left: 40px;\">2. Finalidades<\/h3>\n<p>En cumplimiento de lo dispuesto en el Reglamento Europeo 2016\/679 General de Protecci\u00f3n de Datos y la Ley Org\u00e1nica 3\/2018 de Protecci\u00f3n de Datos Personales y Garant\u00eda de Derechos Digitales, le informamos de que, dependiendo de la relaci\u00f3n que tenga con nosotros, en\u00a0CINTIA GARCIA NISA\u00a0tratamos los datos que nos facilita para alguna, o todas, las siguientes finalidades:<\/p>\n<ul>\n<li>Archivo\/historial de trabajadores y extrabajadores de la empresa<\/li>\n<li>Control y supervisi\u00f3n de la eficiencia y calidad de la entidad<\/li>\n<li>Creaci\u00f3n de contratos, confecci\u00f3n de n\u00f3minas y otras tareas relacionadas<\/li>\n<li>Env\u00edo de informaci\u00f3n comercial de la entidad mediante correo postal, correo electr\u00f3nico u otros<\/li>\n<li>Env\u00edos de informaci\u00f3n rec\u00edproca mediante la plataforma whatsapp, sin que el Responsable pueda asegurar que dicha plataforma tome medidas de seguridad y realicen tratamientos adecuados al RGPD y la LOPDGDD<\/li>\n<li>Formaci\u00f3n<\/li>\n<li>Gesti\u00f3n contable, administrativa, de facturaci\u00f3n y gesti\u00f3n de cobros.<\/li>\n<li>Informaci\u00f3n comercial mediante correos electr\u00f3nicos desde la plataforma whatsapp, sin que el Responsable pueda asegurar unas correctas medidas de seguridad y tratamiento adecuados al RGPD de la propia plataforma<\/li>\n<li>Mantenimiento de la relaci\u00f3n laboral y contra-prestaci\u00f3n por los trabajos realizados<\/li>\n<li>Prestarles un servicio<\/li>\n<li>Publicaci\u00f3n de datos de car\u00e1cter personal en las diferentes redes sociales u otros m\u00e9todos de publicaci\u00f3n<\/li>\n<li>Realizaci\u00f3n de cobro mediante TPV<\/li>\n<li>Realizaci\u00f3n de la declaraci\u00f3n de la renta y otros trabajos derivados de actividades asesoras\/gestoras.<\/li>\n<li>Registro de los cursos\/formaciones realizadas<\/li>\n<li>Tramitaci\u00f3n de altas y bajas por enfermedad com\u00fan o accidente laboral<\/li>\n<li>Tratamiento de datos para cursos y formaciones<\/li>\n<li>Utilizaci\u00f3n de datos derivados de las actividades de la empresa<\/li>\n<li style=\"list-style-type: none;\"><\/li>\n<\/ul>\n<p>&nbsp;<\/p>\n<h3 style=\"padding-left: 40px;\">3. Plazo de conservaci\u00f3n de los datos<\/h3>\n<p>Sus datos ser\u00e1n conservados mientras dure la relaci\u00f3n contractual, comercial o de otro tipo con nuestra entidad, solicite su supresi\u00f3n, as\u00ed como el tiempo necesario para cumplir las obligaciones legales.<\/p>\n<p>&nbsp;<\/p>\n<h3 style=\"padding-left: 40px;\">4. Legitimaci\u00f3n<\/h3>\n<p>La base legal para el tratamiento de tus datos radica por:<\/p>\n<ul>\n<li>Consentimiento inequ\u00edvoco<\/li>\n<li>Ejecuci\u00f3n de un contrato<\/li>\n<li>Proteger el interes vital de un afectado<\/li>\n<li style=\"list-style-type: none;\"><\/li>\n<\/ul>\n<p>&nbsp;<\/p>\n<h3 style=\"padding-left: 40px;\">5. Destinatarios<\/h3>\n<p>Sus datos personales ser\u00e1n comunicados a terceros en los siguientes supuestos:<\/p>\n<ul>\n<li>A otros responsables del tratamiento<\/li>\n<li>Administraci\u00f3n tributaria<\/li>\n<li>Bancos y entidades financieras<\/li>\n<li>Entidades de Consultor\u00eda\/Auditor\u00eda<\/li>\n<li>Entidades inform\u00e1ticas de mantenimiento de software y hardware<\/li>\n<li>Gestor\u00eda\/Asesor\u00eda<\/li>\n<li>Seguridad social<\/li>\n<li>Servicio de Prevenci\u00f3n de Riesgos Laborales<\/li>\n<li style=\"list-style-type: none;\"><\/li>\n<\/ul>\n<p>&nbsp;<\/p>\n<h3 style=\"padding-left: 40px;\">6. Derechos<\/h3>\n<p>Tiene derecho a obtener confirmaci\u00f3n sobre si en\u00a0CINTIA GARCIA NISA\u00a0estamos tratando datos personales que le conciernan, o no.<\/p>\n<p>Asimismo, tiene derecho de acceso a sus datos personales, as\u00ed como a solicitar la\u00a0rectificaci\u00f3n\u00a0de los datos inexactos o, en su caso, solicitar su\u00a0supresi\u00f3n\u00a0cuando, entre otros motivos, los datos ya no sean necesarios para los fines que fueron recogidos.<\/p>\n<p>En determinadas circunstancias, podr\u00e1 solicitar la\u00a0limitaci\u00f3n del tratamiento\u00a0de sus datos, en cuyo caso \u00fanicamente los conservaremos para el ejercicio o la defensa de reclamaciones.<\/p>\n<p>Adicionalmente, en determinadas circunstancias y por motivos relacionados con tu situaci\u00f3n particular, podr\u00e1 ejercer el derecho de\u00a0oposici\u00f3n\u00a0al tratamiento de sus datos.\u00a0CINTIA GARCIA NISA\u00a0dejar\u00e1 de tratar los datos, salvo por motivos leg\u00edtimos imperiosos, o el ejercicio o la defensa de posibles reclamaciones.<\/p>\n<p>Asimismo, puede ejercer el derecho a la\u00a0portabilidad\u00a0de los datos, as\u00ed como retirar los consentimientos facilitados en cualquier momento, sin que ello afecte a la licitud del tratamiento basado en el consentimiento previo a su retirada.<\/p>\n<p>Si desea hacer uso de cualquiera de tus derechos puede realizarlos a trav\u00e9s de los enlaces habilitados que encontrar\u00e1 a continuaci\u00f3n:<\/p>\n<ul>\n<li>Para ejercer su derecho de\u00a0Acceso\u00a0haga clic\u00a0<a href=\"https:\/\/intranet.milopd.com\/webApp\/clientes_derechos\/derechos-formulario.php?id_cliente=LzhCaGMvU2dCcXNKazRMOE16RE1CQT09\">aqu\u00ed<\/a><\/li>\n<li>Para ejercer su derecho de\u00a0Rectificaci\u00f3n\u00a0haga clic\u00a0<a href=\"https:\/\/intranet.milopd.com\/webApp\/clientes_derechos\/derechos-formulario.php?id_cliente=LzhCaGMvU2dCcXNKazRMOE16RE1CQT09\">aqu\u00ed<\/a><\/li>\n<li>Para ejercer su derecho de\u00a0Supresi\u00f3n (Olvido)\u00a0haga clic\u00a0<a href=\"https:\/\/intranet.milopd.com\/webApp\/clientes_derechos\/derechos-formulario.php?id_cliente=LzhCaGMvU2dCcXNKazRMOE16RE1CQT09\">aqu\u00ed<\/a><\/li>\n<li>Para ejercer su derecho de\u00a0Limitaci\u00f3n del Tratamiento\u00a0haga clic\u00a0<a href=\"https:\/\/intranet.milopd.com\/webApp\/clientes_derechos\/derechos-formulario.php?id_cliente=LzhCaGMvU2dCcXNKazRMOE16RE1CQT09\">aqu\u00ed<\/a><\/li>\n<li>Para ejercer su derecho de\u00a0Oposici\u00f3n\u00a0haga clic\u00a0<a href=\"https:\/\/intranet.milopd.com\/webApp\/clientes_derechos\/derechos-formulario.php?id_cliente=LzhCaGMvU2dCcXNKazRMOE16RE1CQT09\">aqu\u00ed<\/a><\/li>\n<li>Para ejercer su derecho de\u00a0Portabilidad\u00a0haga clic\u00a0<a href=\"https:\/\/intranet.milopd.com\/webApp\/clientes_derechos\/derechos-formulario.php?id_cliente=LzhCaGMvU2dCcXNKazRMOE16RE1CQT09\">aqu\u00ed<\/a><\/li>\n<li style=\"list-style-type: none;\"><\/li>\n<\/ul>\n<p>Alternativamente, tambi\u00e9n puede dirigirse a nosotros mediante correo postal a la siguiente direcci\u00f3n:\u00a0PASSEIG ESPANYA 18 &#8211; (08710) SANTA MARGARIDA DE MONTBUI\u00a0adjuntado una fotocopia del DNI, para la certeza de su identidad. Recuerde facilitar la mayor informaci\u00f3n posible sobre su solicitud: Nombre y apellidos, direcci\u00f3n de correo electr\u00f3nico que utiliza para la cuenta o portal objeto de tu solicitud.<\/p>\n<p>Por \u00faltimo, le informamos que puede dirigirse ante la Agencia Espa\u00f1ola de Protecci\u00f3n de Datos y dem\u00e1s organismos p\u00fablicos competentes para cualquier reclamaci\u00f3n derivada del tratamiento de tus datos personales.<\/p>\n<p>&nbsp;<\/p>\n<h3 style=\"padding-left: 40px;\">7. Pol\u00edtica de cookies<\/h3>\n<p>Para conocer las cookies que utilizamos en nuestra p\u00e1gina, recuerde que puede acceder a nuestra Pol\u00edtica de Cookies a trav\u00e9s del siguiente enlace\u00a0<a href=\"http:\/\/www.montlingua.com\/index.php\/politica-de-cookies\/\">pol\u00edtica de cookies<\/a>.[\/vc_column_text][\/vc_column][\/vc_row]<\/p>\n","protected":false},"excerpt":{"rendered":"<p>[vc_row][vc_column][vc_column_text] Informacion sobre Protecci\u00f3n de Datos &nbsp; 1. Datos relativos al Responsable Responsable Tratamiento Entidad: CINTIA GARCIA NISA CIF de la entidad: 46777745T Direccion de la entidad: PASSEIG ESPANYA 18 &#8211; (08710) SANTA MARGARIDA DE MONTBUI Email de la entidad: cintia.garcia.nisa@gmail.com Responsable del tratamiento : CINTIA GARCIA NISA Tel\u00e9fono del Responsable del tratamiento : 690702108&hellip;<\/p>\n","protected":false},"author":1,"featured_media":0,"parent":0,"menu_order":0,"comment_status":"closed","ping_status":"closed","template":"","meta":[],"yoast_head":"<!-- This site is optimized with the Yoast SEO plugin v15.7 - https:\/\/yoast.com\/wordpress\/plugins\/seo\/ -->\n<title>Pol\u00edtica de privacitat - Montlingua<\/title>\n<meta name=\"robots\" content=\"index, follow, max-snippet:-1, max-image-preview:large, max-video-preview:-1\" \/>\n<link rel=\"canonical\" href=\"https:\/\/www.montlingua.com\/index.php\/politica-de-privacitat\/\" \/>\n<meta property=\"og:locale\" content=\"ca_ES\" \/>\n<meta property=\"og:type\" content=\"article\" \/>\n<meta property=\"og:title\" content=\"Pol\u00edtica de privacitat - Montlingua\" \/>\n<meta property=\"og:description\" content=\"[vc_row][vc_column][vc_column_text] Informacion sobre Protecci\u00f3n de Datos &nbsp; 1. Datos relativos al Responsable Responsable Tratamiento Entidad: CINTIA GARCIA NISA CIF de la entidad: 46777745T Direccion de la entidad: PASSEIG ESPANYA 18 &#8211; (08710) SANTA MARGARIDA DE MONTBUI Email de la entidad: cintia.garcia.nisa@gmail.com Responsable del tratamiento : CINTIA GARCIA NISA Tel\u00e9fono del Responsable del tratamiento : 690702108&hellip;\" \/>\n<meta property=\"og:url\" content=\"https:\/\/www.montlingua.com\/index.php\/politica-de-privacitat\/\" \/>\n<meta property=\"og:site_name\" content=\"Montlingua\" \/>\n<meta property=\"article:publisher\" content=\"https:\/\/www.facebook.com\/montlingua\" \/>\n<meta property=\"article:modified_time\" content=\"2019-10-14T07:19:14+00:00\" \/>\n<meta name=\"twitter:card\" content=\"summary_large_image\" \/>\n<meta name=\"twitter:label1\" content=\"Temps estimat de lectura\">\n\t<meta name=\"twitter:data1\" content=\"5 minuts\">\n<script type=\"application\/ld+json\" class=\"yoast-schema-graph\">{\"@context\":\"https:\/\/schema.org\",\"@graph\":[{\"@type\":\"WebSite\",\"@id\":\"https:\/\/www.montlingua.com\/#website\",\"url\":\"https:\/\/www.montlingua.com\/\",\"name\":\"Montlingua\",\"description\":\"Una acad\\u00e8mia d&#039;angl\\u00e8s propera i de confian\\u00e7a\",\"potentialAction\":[{\"@type\":\"SearchAction\",\"target\":\"https:\/\/www.montlingua.com\/?s={search_term_string}\",\"query-input\":\"required name=search_term_string\"}],\"inLanguage\":\"ca\"},{\"@type\":\"WebPage\",\"@id\":\"https:\/\/www.montlingua.com\/index.php\/politica-de-privacitat\/#webpage\",\"url\":\"https:\/\/www.montlingua.com\/index.php\/politica-de-privacitat\/\",\"name\":\"Pol\\u00edtica de privacitat - Montlingua\",\"isPartOf\":{\"@id\":\"https:\/\/www.montlingua.com\/#website\"},\"datePublished\":\"2019-09-27T06:31:54+00:00\",\"dateModified\":\"2019-10-14T07:19:14+00:00\",\"inLanguage\":\"ca\",\"potentialAction\":[{\"@type\":\"ReadAction\",\"target\":[\"https:\/\/www.montlingua.com\/index.php\/politica-de-privacitat\/\"]}]}]}<\/script>\n<!-- \/ Yoast SEO plugin. -->","_links":{"self":[{"href":"https:\/\/www.montlingua.com\/index.php\/wp-json\/wp\/v2\/pages\/53854"}],"collection":[{"href":"https:\/\/www.montlingua.com\/index.php\/wp-json\/wp\/v2\/pages"}],"about":[{"href":"https:\/\/www.montlingua.com\/index.php\/wp-json\/wp\/v2\/types\/page"}],"author":[{"embeddable":true,"href":"https:\/\/www.montlingua.com\/index.php\/wp-json\/wp\/v2\/users\/1"}],"replies":[{"embeddable":true,"href":"https:\/\/www.montlingua.com\/index.php\/wp-json\/wp\/v2\/comments?post=53854"}],"version-history":[{"count":3,"href":"https:\/\/www.montlingua.com\/index.php\/wp-json\/wp\/v2\/pages\/53854\/revisions"}],"predecessor-version":[{"id":54059,"href":"https:\/\/www.montlingua.com\/index.php\/wp-json\/wp\/v2\/pages\/53854\/revisions\/54059"}],"wp:attachment":[{"href":"https:\/\/www.montlingua.com\/index.php\/wp-json\/wp\/v2\/media?parent=53854"}],"curies":[{"name":"wp","href":"https:\/\/api.w.org\/{rel}","templated":true}]}}