{"id":53792,"date":"2019-09-25T11:25:40","date_gmt":"2019-09-25T09:25:40","guid":{"rendered":"http:\/\/albatech.publicvm.com\/montlingua\/montlinwp\/?page_id=53792"},"modified":"2021-02-08T16:06:50","modified_gmt":"2021-02-08T14:06:50","slug":"qui-som","status":"publish","type":"page","link":"https:\/\/www.montlingua.com\/index.php\/qui-som\/","title":{"rendered":"Qui som"},"content":{"rendered":"<p>[vc_row][vc_column width=&#8221;3\/4&#8243;][vc_column_text]<\/p>\n<h3 style=\"text-align: left;\">English School<\/h3>\n<p>[\/vc_column_text][vc_empty_space][vc_column_text]<\/p>\n<p class=\"western\" style=\"text-align: left;\" align=\"JUSTIFY\">Som una acad\u00e8mia d&#8217;angl\u00e8s propera i de confian\u00e7a.<\/p>\n<p class=\"western\" style=\"text-align: left;\" align=\"JUSTIFY\">La idea de crear Montlingua va sorgir de la seva directora, la Cintia. Despr\u00e9s de treballar uns anys com a traductora i int\u00e8rpret i professora d\u2019angl\u00e8s a d&#8217;altres centres, va decidir que es volia dedicar 100% al camp de l\u2019ensenyament d\u2019idiomes, ja que \u00e9s la seva vocaci\u00f3 i el que gaudeix fent.<\/p>\n<p class=\"western\" style=\"text-align: left;\" align=\"JUSTIFY\">Aix\u00ed doncs, despr\u00e9s de molt esfor\u00e7 i treball, va obrir el centre al 2014 amb tota la il\u00b7lusi\u00f3 del m\u00f3n per comen\u00e7ar aquest nou projecte.<\/p>\n<p>[\/vc_column_text][vc_empty_space][vc_column_text]<\/p>\n<h4 align=\"JUSTIFY\">\n<div class=\"hr-thin\"><\/div>\n<\/h4>\n<h5 class=\"western\" align=\"JUSTIFY\"><em>&#8220;Despr\u00e9s de 5 anys de treballar amb la gent de la zona, no podr\u00edem estar m\u00e9s agra\u00efts per la confian\u00e7a que ens han mostrat. Continuem cada curs escolar amb forces renovades per millorar i ajudar a tothom que aix\u00ed ho vulgui a aprendre aquesta apassionant llengua que \u00e9s l\u2019angl\u00e8s.&#8221;<\/em><\/h5>\n<p class=\"western\" align=\"JUSTIFY\">Cintia Garcia (directora del centre)<\/p>\n<p>[\/vc_column_text][vc_empty_space][\/vc_column][vc_column width=&#8221;1\/4&#8243;][vc_single_image image=&#8221;53843&#8243; img_size=&#8221;full&#8221; alignment=&#8221;center&#8221;][vc_empty_space][\/vc_column][\/vc_row][vc_row full_width=&#8221;stretch_row&#8221; content_placement=&#8221;middle&#8221; bg_type=&#8221;image&#8221; bg_override=&#8221;full&#8221; css=&#8221;.vc_custom_1570785323886{background-image: url(http:\/\/www.montlingua.com\/wp-content\/uploads\/2019\/10\/espais2.jpg?id=54039) !important;}&#8221;][vc_column][vc_empty_space height=&#8221;50px&#8221;][vc_row_inner][vc_column_inner width=&#8221;1\/6&#8243;][\/vc_column_inner][vc_column_inner width=&#8221;2\/3&#8243;][vc_column_text]<\/p>\n<h3 class=\"western\" style=\"text-align: center;\" align=\"JUSTIFY\"><span style=\"color: #ffffff;\"><b>Els espais<\/b><\/span><\/h3>\n<p class=\"western\" style=\"text-align: center;\" align=\"JUSTIFY\"><span style=\"color: #ffffff;\">La nostra escola consta de dues aules ben \u00e0mplies: <i>New York<\/i> i <i>London<\/i>. A cada aula hi ha espai per a 8 alumnes. V\u00e0rem decidir que un nombre no superior a 10 alumnes era la xifra adequada per poder dur a terme un seguiment de prop dels progressos i les necessitats dels nostres clients. A m\u00e9s, disposem d\u2019amplis espais d\u2019espera per accedir a les classes i una zona de mediateca on els alumnes troben: pel\u00b7l\u00edcules, llibres i revistes en pr\u00e9stec.<\/span><\/p>\n<p class=\"western\" style=\"text-align: center;\" align=\"JUSTIFY\"><span style=\"color: #ffffff;\">L\u2019escola \u00e9s de nova construcci\u00f3 i compta amb totes les adaptacions necess\u00e0ries perqu\u00e8 les persones amb mobilitat redu\u00efda puguin accedir i gaudir dels espais sense problemes.<\/span><\/p>\n<p>[\/vc_column_text][vc_empty_space]<style type=\"text\/css\" data-type=\"the7_shortcodes-inline-css\">#default-btn-9c2bed4a5043954ce5a6d244d7728cee {\n  border-radius: 3px;\n  font-size: 14px;\n  line-height: 16px;\n}\n.btn-shadow#default-btn-9c2bed4a5043954ce5a6d244d7728cee {\n  box-shadow: 0 1px 6px rgba(0,0,0,0.12);\n  transition: box-shadow 0.2s ease-out, opacity 0.45s;\n}\n.btn-shadow#default-btn-9c2bed4a5043954ce5a6d244d7728cee:hover {\n  box-shadow: 0 5px 11px 0 rgba(0,0,0,0.18), 0 4px 15px 0 rgba(0,0,0,0.15);\n}\n.btn-3d#default-btn-9c2bed4a5043954ce5a6d244d7728cee {\n  box-shadow: 0px 2px 0px 0px #e0e0e0;\n}\n.btn-3d#default-btn-9c2bed4a5043954ce5a6d244d7728cee:hover {\n  box-shadow: 0px 2px 0px 0px #d2d2d2;\n}\n.btn-flat#default-btn-9c2bed4a5043954ce5a6d244d7728cee {\n  box-shadow: none;\n}\n.btn-flat#default-btn-9c2bed4a5043954ce5a6d244d7728cee:hover {\n  box-shadow: none;\n}\n#default-btn-9c2bed4a5043954ce5a6d244d7728cee.ico-right-side > i {\n  margin-right: 0px;\n  margin-left: 8px;\n}\n#default-btn-9c2bed4a5043954ce5a6d244d7728cee > i {\n  margin-right: 8px;\n  font-size: 14px;\n}\n#default-btn-9c2bed4a5043954ce5a6d244d7728cee:not(:hover) {\n  border-width: 0px;\n  color: #333333;\n  background: #ffffff !important;\n  padding: 12px 18px 12px 18px;\n}\n#default-btn-9c2bed4a5043954ce5a6d244d7728cee:not(:hover) * {\n  color: #333333;\n}\n#default-btn-9c2bed4a5043954ce5a6d244d7728cee:hover {\n  border-width: 0px;\n  color: #e52420;\n  background: #f1f1f1 !important;\n  padding: 12px 18px 12px 18px;\n}\n#default-btn-9c2bed4a5043954ce5a6d244d7728cee:hover * {\n  color: #e52420;\n}\n#default-btn-9c2bed4a5043954ce5a6d244d7728cee.ico-right-side > i {\n  margin-right: 0px;\n  margin-left: 8px;\n}\n#default-btn-9c2bed4a5043954ce5a6d244d7728cee > i {\n  margin-right: 8px;\n}\n#default-btn-9c2bed4a5043954ce5a6d244d7728cee * {\n  vertical-align: middle;\n}\n<\/style><div class=\"btn-align-center\"><a href=\"http:\/\/www.montlingua.com\/index.php\/albums\/\" class=\"default-btn-shortcode dt-btn link-hover-off btn-flat \" id=\"default-btn-9c2bed4a5043954ce5a6d244d7728cee\"><span>L&#8217;escola en imatges<\/span><\/a><\/div>[\/vc_column_inner][vc_column_inner width=&#8221;1\/6&#8243;][\/vc_column_inner][\/vc_row_inner][vc_empty_space height=&#8221;50px&#8221;][\/vc_column][\/vc_row][vc_row][vc_column width=&#8221;1\/3&#8243;][vc_empty_space]<style type=\"text\/css\" data-type=\"the7_shortcodes-inline-css\">.shortcode-single-image-wrap.shortcode-single-image-29b04c9633d36eec240bfb1eba55f540.enable-bg-rollover .rollover i,\n.shortcode-single-image-wrap.shortcode-single-image-29b04c9633d36eec240bfb1eba55f540.enable-bg-rollover .rollover-video i {\n  background: -webkit-linear-gradient();\n  background: linear-gradient();\n}\n.shortcode-single-image-wrap.shortcode-single-image-29b04c9633d36eec240bfb1eba55f540 .rollover-icon {\n  font-size: 32px;\n  color: #ffffff;\n  min-width: 44px;\n  min-height: 44px;\n  line-height: 44px;\n  border-radius: 100px;\n  border-style: solid;\n  border-width: 0px;\n}\n.dt-icon-bg-on.shortcode-single-image-wrap.shortcode-single-image-29b04c9633d36eec240bfb1eba55f540 .rollover-icon {\n  background: rgba(255,255,255,0.3);\n  box-shadow: none;\n}\n<\/style><div class=\"shortcode-single-image-wrap shortcode-single-image-29b04c9633d36eec240bfb1eba55f540 alignnone  enable-bg-rollover dt-icon-bg-off\" style=\"margin-top:0px; margin-bottom:0px; margin-left:0px; margin-right:0px;\"><div class=\"shortcode-single-image\"><div class=\"fancy-media-wrap  layzr-bg\" style=\"\"><img class=\"preload-me lazy-load\" src=\"data:image\/svg+xml,%3Csvg%20xmlns%3D&#39;http%3A%2F%2Fwww.w3.org%2F2000%2Fsvg&#39;%20viewBox%3D&#39;0%200%20696%20557&#39;%2F%3E\" data-src=\"https:\/\/www.montlingua.com\/wp-content\/uploads\/2019\/10\/equip_bn.jpg\" data-srcset=\"https:\/\/www.montlingua.com\/wp-content\/uploads\/2019\/10\/equip_bn.jpg 696w\" width=\"696\" height=\"557\"  data-dt-location=\"https:\/\/www.montlingua.com\/index.php\/qui-som\/equip_bn\/\" style=\"\" alt=\"\" \/><\/div><\/div><\/div>[vc_empty_space][\/vc_column][vc_column width=&#8221;2\/3&#8243;][vc_empty_space][vc_column_text]<\/p>\n<h3 class=\"western\" style=\"text-align: left;\" align=\"JUSTIFY\">L\u2019equip<\/h3>\n<p class=\"western\" style=\"text-align: left;\" align=\"JUSTIFY\">L\u2019equip de Montlingua est\u00e0 format per docents formats en idiomes (filologia anglesa, traducci\u00f3 i interpretaci\u00f3, docents d\u2019angl\u00e8s, o persones amb un nivell m\u00ednim de C1). V\u00e0rem decidir que els perfils de professorat que treball\u00e9ssin amb nosaltres haurien de tenir una bona base en angl\u00e8s; per\u00f2 tamb\u00e9 valorem que s\u00e0piguen ensenyar. A Montlingua no prioritzem que els professors siguin nadius, ja que \u2014si b\u00e9 creiem que \u00e9s una opci\u00f3 molt interessant i productiva\u2014 per experi\u00e8ncia sabem que una persona no nativa, que tamb\u00e9 ha passat pel procediment d\u2019aprendre una nova llengua, t\u00e9 una perspectiva molt diferent de l\u2019ensenyament perqu\u00e8 ho ha viscut en primera persona. Ens interessa que el professorat sigui capa\u00e7 de transmetre els coneixements que t\u00e9.<\/p>\n<p>[\/vc_column_text][\/vc_column][\/vc_row][vc_row content_placement=&#8221;middle&#8221; bg_type=&#8221;bg_color&#8221; bg_override=&#8221;full&#8221; css=&#8221;.vc_custom_1569487849961{margin-top: 50px !important;background-image: url(http:\/\/www.montlingua.com\/wp-content\/uploads\/2019\/09\/espais.jpg?id=53829) !important;}&#8221; bg_color_value=&#8221;#e52420&#8243;][vc_column width=&#8221;1\/6&#8243;][\/vc_column][vc_column width=&#8221;2\/3&#8243;][vc_empty_space height=&#8221;50px&#8221;][vc_column_text]<\/p>\n<h4 style=\"text-align: center;\" align=\"JUSTIFY\"><span style=\"color: #ffffff;\">\u201cEl que m\u00e9s m\u2019agrada de treballar a Montlingua \u00e9s l\u2019ambient familiar que hi ha entre l\u2019alumnat i el professorat. Considero que treballo en una petita familia on ens ajudem i aprenem m\u00fatuament.<\/span><\/h4>\n<h4 style=\"text-align: center;\" align=\"JUSTIFY\"><span style=\"color: #ffffff;\">Val a dir que els m\u00e8todes i els recursos did\u00e0ctics tamb\u00e9 faciliten l\u2019aprenentatge als estudiants i, a la vegada, dinamitzen l\u2019\u00fas actiu de la llengua anglesa.\u201d <\/span><\/h4>\n<p style=\"text-align: center;\" align=\"JUSTIFY\"><span style=\"color: #ffffff;\">Mar\u00eda Rom\u00e1n (professora del centre)<\/span><\/p>\n<p>[\/vc_column_text][vc_empty_space height=&#8221;50px&#8221;][\/vc_column][vc_column width=&#8221;1\/6&#8243;][\/vc_column][\/vc_row][vc_row][vc_column width=&#8221;1\/3&#8243;][vc_empty_space height=&#8221;50px&#8221;]<style type=\"text\/css\" data-type=\"the7_shortcodes-inline-css\">.shortcode-single-image-wrap.shortcode-single-image-e50de1b3ab953368ec926b34d448fc89.enable-bg-rollover .rollover i,\n.shortcode-single-image-wrap.shortcode-single-image-e50de1b3ab953368ec926b34d448fc89.enable-bg-rollover .rollover-video i {\n  background: -webkit-linear-gradient();\n  background: linear-gradient();\n}\n.shortcode-single-image-wrap.shortcode-single-image-e50de1b3ab953368ec926b34d448fc89 .rollover-icon {\n  font-size: 32px;\n  color: #ffffff;\n  min-width: 44px;\n  min-height: 44px;\n  line-height: 44px;\n  border-radius: 100px;\n  border-style: solid;\n  border-width: 0px;\n}\n.dt-icon-bg-on.shortcode-single-image-wrap.shortcode-single-image-e50de1b3ab953368ec926b34d448fc89 .rollover-icon {\n  background: rgba(255,255,255,0.3);\n  box-shadow: none;\n}\n<\/style><div class=\"shortcode-single-image-wrap shortcode-single-image-e50de1b3ab953368ec926b34d448fc89 alignleft  enable-bg-rollover dt-icon-bg-off\" style=\"margin-top:0px; margin-bottom:0px; margin-left:0px; margin-right:0px; width:500px;\"><div class=\"shortcode-single-image\"><div class=\"fancy-media-wrap  layzr-bg\" style=\"\"><img class=\"preload-me lazy-load\" src=\"data:image\/svg+xml,%3Csvg%20xmlns%3D&#39;http%3A%2F%2Fwww.w3.org%2F2000%2Fsvg&#39;%20viewBox%3D&#39;0%200%20500%20377&#39;%2F%3E\" data-src=\"https:\/\/www.montlingua.com\/wp-content\/uploads\/2019\/10\/comtreballem-1-500x377.jpg\" data-srcset=\"https:\/\/www.montlingua.com\/wp-content\/uploads\/2019\/10\/comtreballem-1-500x377.jpg 500w, https:\/\/www.montlingua.com\/wp-content\/uploads\/2019\/10\/comtreballem-1.jpg 640w\" width=\"500\" height=\"377\"  data-dt-location=\"https:\/\/www.montlingua.com\/index.php\/qui-som\/comtreballem-2\/\" style=\"\" alt=\"\" \/><\/div><\/div><\/div>[\/vc_column][vc_column width=&#8221;2\/3&#8243;][vc_empty_space height=&#8221;50px&#8221;][vc_column_text]<\/p>\n<h3 class=\"western\" align=\"JUSTIFY\"><b>Com treballem<\/b><\/h3>\n<p class=\"western\" align=\"JUSTIFY\">Les classes a Montlingua s\u00f3n, sobretot, \u00daTILS. Entenem que invertir en idiomes \u00e9s invertir en futur. Volem que el temps que els alumnes estiguin amb nosaltres treguin el m\u00e0xim profit de les sessions. Les classes s\u00f3n divertides, din\u00e0miques i molt comunicatives. Ens agrada que els alumnes vinguin de gust a aprendre, i sempre fomentem un ambient familiar i de confian\u00e7a. A Montlingua fem seguiment individualitzat de cada alumne i hi ha una constant comunicaci\u00f3 amb les fam\u00edlies i amb els propis interessats sobre els seus progressos i necessitats.<\/p>\n<p>[\/vc_column_text][vc_empty_space height=&#8221;50px&#8221;][\/vc_column][\/vc_row][vc_row content_placement=&#8221;middle&#8221; bg_type=&#8221;bg_color&#8221; bg_override=&#8221;full&#8221; css=&#8221;.vc_custom_1569487849961{margin-top: 50px !important;background-image: url(http:\/\/www.montlingua.com\/wp-content\/uploads\/2019\/09\/espais.jpg?id=53829) !important;}&#8221; bg_color_value=&#8221;#e52420&#8243;][vc_column width=&#8221;1\/6&#8243;][\/vc_column][vc_column width=&#8221;2\/3&#8243;][vc_empty_space height=&#8221;50px&#8221;][vc_column_text]<\/p>\n<h4 class=\"western\" style=\"text-align: center;\" align=\"JUSTIFY\"><span style=\"color: #ffffff;\">\u201c<i>Quan els alumnes entren a classe i ens demanen, emocionats, qu\u00e8 farem o si jugarem, s<\/i><i>abem que esten fent b\u00e9 la feina, perqu\u00e8 per a ells venir angl\u00e8s \u00e9s sin\u00f2nim de passar-s\u2019ho b\u00e9 i estar de gust aprenent.\u201d<\/i><\/span><\/h4>\n<p class=\"western\" style=\"text-align: center;\" align=\"JUSTIFY\"><span style=\"color: #ffffff;\">Cintia Garcia (directora del centre)<\/span><\/p>\n<p>[\/vc_column_text][vc_empty_space height=&#8221;50px&#8221;][\/vc_column][vc_column width=&#8221;1\/6&#8243;][\/vc_column][\/vc_row][vc_row][vc_column][vc_empty_space height=&#8221;50px&#8221;][vc_column_text]<\/p>\n<h3 class=\"western\" align=\"JUSTIFY\"><b>Normes<\/b><\/h3>\n<p class=\"western\" align=\"JUSTIFY\">A Montlingua volem que hi hagi un ambient cordial i de confian\u00e7a. Per aquest motiu, tenim unes normes de conviv\u00e8ncia que esperem que tots respectin i portin a terme.<\/p>\n<p class=\"western\" align=\"JUSTIFY\">Seguim calendari escolar.<\/p>\n<p align=\"JUSTIFY\">Consulteu ambd\u00f3s documents <a href=\"http:\/\/www.montlingua.com\/index.php\/2019\/09\/24\/curs-2019-2020\/\">aqu\u00ed<\/a><\/p>\n<p>[\/vc_column_text][\/vc_column][\/vc_row]<\/p>\n","protected":false},"excerpt":{"rendered":"<p>[vc_row][vc_column width=&#8221;3\/4&#8243;][vc_column_text] English School [\/vc_column_text][vc_empty_space][vc_column_text] Som una acad\u00e8mia d&#8217;angl\u00e8s propera i de confian\u00e7a. La idea de crear Montlingua va sorgir de la seva directora, la Cintia. Despr\u00e9s de treballar uns anys com a traductora i int\u00e8rpret i professora d\u2019angl\u00e8s a d&#8217;altres centres, va decidir que es volia dedicar 100% al camp de l\u2019ensenyament d\u2019idiomes, ja&hellip;<\/p>\n","protected":false},"author":1,"featured_media":53948,"parent":0,"menu_order":0,"comment_status":"closed","ping_status":"closed","template":"","meta":[],"yoast_head":"<!-- This site is optimized with the Yoast SEO plugin v15.7 - https:\/\/yoast.com\/wordpress\/plugins\/seo\/ -->\n<title>Qui som - Montlingua<\/title>\n<meta name=\"description\" content=\"Les classes a Montlingua s\u00f3n, sobretot, \u00daTILS. Entenem que invertir en idiomes \u00e9s invertir en futur. Volem que el temps que els alumnes estiguin amb nosaltres treguin el m\u00e0xim profit de les sessions. Les classes s\u00f3n divertides, din\u00e0miques i molt comunicatives. Ens agrada que els alumnes vinguin de gust a aprendre, i sempre fomentem un ambient familiar i de confian\u00e7a. A Montlingua fem seguiment individualitzat de cada alumne i hi ha una constant comunicaci\u00f3 amb les fam\u00edlies i amb els propis interessats sobre els seus progressos i necessitats.\" \/>\n<meta name=\"robots\" content=\"index, follow, max-snippet:-1, max-image-preview:large, max-video-preview:-1\" \/>\n<link rel=\"canonical\" href=\"https:\/\/www.montlingua.com\/index.php\/qui-som\/\" \/>\n<meta property=\"og:locale\" content=\"ca_ES\" \/>\n<meta property=\"og:type\" content=\"article\" \/>\n<meta property=\"og:title\" content=\"Qui som - Montlingua\" \/>\n<meta property=\"og:description\" content=\"Les classes a Montlingua s\u00f3n, sobretot, \u00daTILS. Entenem que invertir en idiomes \u00e9s invertir en futur. Volem que el temps que els alumnes estiguin amb nosaltres treguin el m\u00e0xim profit de les sessions. Les classes s\u00f3n divertides, din\u00e0miques i molt comunicatives. Ens agrada que els alumnes vinguin de gust a aprendre, i sempre fomentem un ambient familiar i de confian\u00e7a. A Montlingua fem seguiment individualitzat de cada alumne i hi ha una constant comunicaci\u00f3 amb les fam\u00edlies i amb els propis interessats sobre els seus progressos i necessitats.\" \/>\n<meta property=\"og:url\" content=\"https:\/\/www.montlingua.com\/index.php\/qui-som\/\" \/>\n<meta property=\"og:site_name\" content=\"Montlingua\" \/>\n<meta property=\"article:publisher\" content=\"https:\/\/www.facebook.com\/montlingua\" \/>\n<meta property=\"article:modified_time\" content=\"2021-02-08T14:06:50+00:00\" \/>\n<meta property=\"og:image\" content=\"https:\/\/www.montlingua.com\/wp-content\/uploads\/2019\/09\/foto_academia.jpg\" \/>\n\t<meta property=\"og:image:width\" content=\"800\" \/>\n\t<meta property=\"og:image:height\" content=\"640\" \/>\n<meta name=\"twitter:card\" content=\"summary_large_image\" \/>\n<meta name=\"twitter:label1\" content=\"Temps estimat de lectura\">\n\t<meta name=\"twitter:data1\" content=\"5 minuts\">\n<script type=\"application\/ld+json\" class=\"yoast-schema-graph\">{\"@context\":\"https:\/\/schema.org\",\"@graph\":[{\"@type\":\"WebSite\",\"@id\":\"https:\/\/www.montlingua.com\/#website\",\"url\":\"https:\/\/www.montlingua.com\/\",\"name\":\"Montlingua\",\"description\":\"Una acad\\u00e8mia d&#039;angl\\u00e8s propera i de confian\\u00e7a\",\"potentialAction\":[{\"@type\":\"SearchAction\",\"target\":\"https:\/\/www.montlingua.com\/?s={search_term_string}\",\"query-input\":\"required name=search_term_string\"}],\"inLanguage\":\"ca\"},{\"@type\":\"ImageObject\",\"@id\":\"https:\/\/www.montlingua.com\/index.php\/qui-som\/#primaryimage\",\"inLanguage\":\"ca\",\"url\":\"https:\/\/www.montlingua.com\/wp-content\/uploads\/2019\/09\/foto_academia.jpg\",\"width\":800,\"height\":640},{\"@type\":\"WebPage\",\"@id\":\"https:\/\/www.montlingua.com\/index.php\/qui-som\/#webpage\",\"url\":\"https:\/\/www.montlingua.com\/index.php\/qui-som\/\",\"name\":\"Qui som - Montlingua\",\"isPartOf\":{\"@id\":\"https:\/\/www.montlingua.com\/#website\"},\"primaryImageOfPage\":{\"@id\":\"https:\/\/www.montlingua.com\/index.php\/qui-som\/#primaryimage\"},\"datePublished\":\"2019-09-25T09:25:40+00:00\",\"dateModified\":\"2021-02-08T14:06:50+00:00\",\"description\":\"Les classes a Montlingua s\\u00f3n, sobretot, \\u00daTILS. Entenem que invertir en idiomes \\u00e9s invertir en futur. Volem que el temps que els alumnes estiguin amb nosaltres treguin el m\\u00e0xim profit de les sessions. Les classes s\\u00f3n divertides, din\\u00e0miques i molt comunicatives. Ens agrada que els alumnes vinguin de gust a aprendre, i sempre fomentem un ambient familiar i de confian\\u00e7a. A Montlingua fem seguiment individualitzat de cada alumne i hi ha una constant comunicaci\\u00f3 amb les fam\\u00edlies i amb els propis interessats sobre els seus progressos i necessitats.\",\"inLanguage\":\"ca\",\"potentialAction\":[{\"@type\":\"ReadAction\",\"target\":[\"https:\/\/www.montlingua.com\/index.php\/qui-som\/\"]}]}]}<\/script>\n<!-- \/ Yoast SEO plugin. -->","_links":{"self":[{"href":"https:\/\/www.montlingua.com\/index.php\/wp-json\/wp\/v2\/pages\/53792"}],"collection":[{"href":"https:\/\/www.montlingua.com\/index.php\/wp-json\/wp\/v2\/pages"}],"about":[{"href":"https:\/\/www.montlingua.com\/index.php\/wp-json\/wp\/v2\/types\/page"}],"author":[{"embeddable":true,"href":"https:\/\/www.montlingua.com\/index.php\/wp-json\/wp\/v2\/users\/1"}],"replies":[{"embeddable":true,"href":"https:\/\/www.montlingua.com\/index.php\/wp-json\/wp\/v2\/comments?post=53792"}],"version-history":[{"count":39,"href":"https:\/\/www.montlingua.com\/index.php\/wp-json\/wp\/v2\/pages\/53792\/revisions"}],"predecessor-version":[{"id":54140,"href":"https:\/\/www.montlingua.com\/index.php\/wp-json\/wp\/v2\/pages\/53792\/revisions\/54140"}],"wp:featuredmedia":[{"embeddable":true,"href":"https:\/\/www.montlingua.com\/index.php\/wp-json\/wp\/v2\/media\/53948"}],"wp:attachment":[{"href":"https:\/\/www.montlingua.com\/index.php\/wp-json\/wp\/v2\/media?parent=53792"}],"curies":[{"name":"wp","href":"https:\/\/api.w.org\/{rel}","templated":true}]}}